{"id":1182,"date":"2023-11-02T10:57:23","date_gmt":"2023-11-02T10:57:23","guid":{"rendered":"https:\/\/reformesintegralsferreres.com\/?post_type=project&#038;p=1182"},"modified":"2023-11-02T10:57:29","modified_gmt":"2023-11-02T10:57:29","slug":"banos-de-microcemento","status":"publish","type":"project","link":"https:\/\/reformesintegralsferreres.com\/es\/project\/banos-de-microcemento","title":{"rendered":"Ba\u00f1os de Microcemento"},"content":{"rendered":"<p>[et_pb_section fb_built=\u00bb1&#8243; _builder_version=\u00bb4.16&#8243; background_color=\u00bb#00649a\u00bb custom_margin=\u00bb0px||0px|\u00bb custom_padding=\u00bb0px||0px|\u00bb global_colors_info=\u00bb{}\u00bb][et_pb_row _builder_version=\u00bb4.16&#8243; custom_padding=\u00bb||5px|||\u00bb global_colors_info=\u00bb{}\u00bb][et_pb_column type=\u00bb4_4&#8243; _builder_version=\u00bb4.16&#8243; custom_padding=\u00bb|||\u00bb global_colors_info=\u00bb{}\u00bb custom_padding__hover=\u00bb|||\u00bb][et_pb_text admin_label=\u00bbTitle\u00bb _builder_version=\u00bb4.23&#8243; header_font=\u00bbBungee||||||||\u00bb header_line_height=\u00bb1.4em\u00bb header_2_font_size=\u00bb20&#8243; text_orientation=\u00bbcenter\u00bb background_layout=\u00bbdark\u00bb custom_margin_last_edited=\u00bboff|desktop\u00bb animation_style=\u00bbslide\u00bb animation_direction=\u00bbtop\u00bb animation_intensity_slide=\u00bb5%\u00bb animation_starting_opacity=\u00bb100%\u00bb header_font_size_tablet=\u00bb\u00bb header_font_size_phone=\u00bb20&#8243; header_font_size_last_edited=\u00bbon|phone\u00bb header_2_font_size_tablet=\u00bb\u00bb header_2_font_size_phone=\u00bb14&#8243; header_2_font_size_last_edited=\u00bbon|phone\u00bb border_color_all=\u00bb#ff5400&#8243; border_width_left=\u00bb3px\u00bb border_color_left=\u00bb#00649a\u00bb global_colors_info=\u00bb{}\u00bb]<\/p>\n<h1>Ba\u00f1os de microcemento<\/h1>\n<p>[\/et_pb_text][\/et_pb_column][\/et_pb_row][\/et_pb_section][et_pb_section fb_built=\u00bb1&#8243; _builder_version=\u00bb4.16&#8243; custom_margin=\u00bb0px||0px|\u00bb custom_padding=\u00bb||0px|\u00bb global_colors_info=\u00bb{}\u00bb][et_pb_row _builder_version=\u00bb4.16&#8243; background_size=\u00bbinitial\u00bb background_position=\u00bbtop_left\u00bb background_repeat=\u00bbrepeat\u00bb global_colors_info=\u00bb{}\u00bb][et_pb_column type=\u00bb4_4&#8243; _builder_version=\u00bb4.16&#8243; custom_padding=\u00bb|||\u00bb global_colors_info=\u00bb{}\u00bb custom_padding__hover=\u00bb|||\u00bb][et_pb_text _builder_version=\u00bb4.23&#8243; text_font_size=\u00bb16&#8243; header_3_text_color=\u00bb#00649a\u00bb text_orientation=\u00bbcenter\u00bb hover_enabled=\u00bb0&#8243; text_font_size_tablet=\u00bb\u00bb text_font_size_phone=\u00bb14&#8243; text_font_size_last_edited=\u00bbon|phone\u00bb global_colors_info=\u00bb{}\u00bb sticky_enabled=\u00bb0&#8243;]<\/p>\n<p>Este proyecto de ba\u00f1os de microcemento representa una transformaci\u00f3n radical en el concepto tradicional del espacio de ba\u00f1o. La fusi\u00f3n entre un dise\u00f1o vanguardista y una funcionalidad excepcional ha dado lugar a un ambiente que no solo cautiva a la mirada, sino que tambi\u00e9n se adapta de manera extraordinaria a las necesidades cotidianas.<\/p>\n<p>La meticulosa selecci\u00f3n de materiales de la m\u00e1s alta calidad y la planificaci\u00f3n detallada del dise\u00f1o han culminado en un ba\u00f1o que invita a la relajaci\u00f3n y el cuidado personal. Cada rinc\u00f3n ha sido cuidadosamente concebido para maximizar la eficiencia y la comodidad en la rutina diaria, creando un oasis de serenidad en medio del ajetreo moderno.<\/p>\n<p>Este proyecto no solo es un testimonio del arte de los profesionales detr\u00e1s de Ba\u00f1os de Microcemento Innovadores en el dise\u00f1o y la ejecuci\u00f3n, sino tambi\u00e9n un santuario de bienestar para quienes tienen el privilegio de disfrutarlo. Cada detalle ha sido cuidadosamente pensado para ofrecer una experiencia \u00fanica, donde la est\u00e9tica contempor\u00e1nea se encuentra con la funcionalidad sin compromisos, transformando un simple ba\u00f1o en una obra maestra de dise\u00f1o y comodidad.<\/p>\n<p>[\/et_pb_text][\/et_pb_column][\/et_pb_row][\/et_pb_section][et_pb_section fb_built=\u00bb1&#8243; _builder_version=\u00bb4.16&#8243; background_color=\u00bb#ededed\u00bb global_colors_info=\u00bb{}\u00bb][et_pb_row _builder_version=\u00bb4.16&#8243; background_size=\u00bbinitial\u00bb background_position=\u00bbtop_left\u00bb background_repeat=\u00bbrepeat\u00bb global_colors_info=\u00bb{}\u00bb][et_pb_column type=\u00bb4_4&#8243; _builder_version=\u00bb4.16&#8243; custom_padding=\u00bb|||\u00bb global_colors_info=\u00bb{}\u00bb custom_padding__hover=\u00bb|||\u00bb][et_pb_gallery gallery_ids=\u00bb1163,1161,1171,1165,1175,1169,1167,1173&#8243; posts_number=\u00bb8&#8243; show_title_and_caption=\u00bboff\u00bb show_pagination=\u00bboff\u00bb _builder_version=\u00bb4.23&#8243; _module_preset=\u00bbdefault\u00bb custom_margin=\u00bb||||false|false\u00bb custom_padding=\u00bb||||false|false\u00bb global_colors_info=\u00bb{}\u00bb][\/et_pb_gallery][\/et_pb_column][\/et_pb_row][\/et_pb_section]<\/p>\n","protected":false},"excerpt":{"rendered":"<p>Ba\u00f1os de microcementoEste proyecto de ba\u00f1os de microcemento representa una transformaci\u00f3n radical en el concepto tradicional del espacio de ba\u00f1o. La fusi\u00f3n entre un dise\u00f1o vanguardista y una funcionalidad excepcional ha dado lugar a un ambiente que no solo cautiva a la mirada, sino que tambi\u00e9n se adapta de manera extraordinaria a las necesidades cotidianas. [&hellip;]<\/p>\n","protected":false},"author":1,"featured_media":1164,"comment_status":"closed","ping_status":"closed","template":"","meta":{"_et_pb_use_builder":"on","_et_pb_old_content":"","_et_gb_content_width":"","footnotes":""},"project_category":[12,13],"project_tag":[],"class_list":["post-1182","project","type-project","status-publish","has-post-thumbnail","hentry","project_category-proyectos-de-reformas","project_category-reformas-de-banos"],"yoast_head":"<!-- This site is optimized with the Yoast SEO plugin v27.4 - https:\/\/yoast.com\/product\/yoast-seo-wordpress\/ -->\n<title>Ba\u00f1os de Microcemento - Reformes Integrals Ferreres<\/title>\n<meta name=\"robots\" content=\"index, follow, max-snippet:-1, max-image-preview:large, max-video-preview:-1\" \/>\n<link rel=\"canonical\" href=\"https:\/\/reformesintegralsferreres.com\/es\/project\/banos-de-microcemento\" \/>\n<meta property=\"og:locale\" content=\"es_ES\" \/>\n<meta property=\"og:type\" content=\"article\" \/>\n<meta property=\"og:title\" content=\"Ba\u00f1os de Microcemento - Reformes Integrals Ferreres\" \/>\n<meta property=\"og:description\" content=\"Ba\u00f1os de microcementoEste proyecto de ba\u00f1os de microcemento representa una transformaci\u00f3n radical en el concepto tradicional del espacio de ba\u00f1o. La fusi\u00f3n entre un dise\u00f1o vanguardista y una funcionalidad excepcional ha dado lugar a un ambiente que no solo cautiva a la mirada, sino que tambi\u00e9n se adapta de manera extraordinaria a las necesidades cotidianas. [&hellip;]\" \/>\n<meta property=\"og:url\" content=\"https:\/\/reformesintegralsferreres.com\/es\/project\/banos-de-microcemento\" \/>\n<meta property=\"og:site_name\" content=\"Reformes Integrals Ferreres\" \/>\n<meta property=\"article:modified_time\" content=\"2023-11-02T10:57:29+00:00\" \/>\n<meta property=\"og:image\" content=\"https:\/\/reformesintegralsferreres.com\/wp-content\/uploads\/2023\/11\/WhatsApp-Image-2023-11-02-at-09.11.09.jpeg\" \/>\n\t<meta property=\"og:image:width\" content=\"1536\" \/>\n\t<meta property=\"og:image:height\" content=\"2048\" \/>\n\t<meta property=\"og:image:type\" content=\"image\/jpeg\" \/>\n<meta name=\"twitter:card\" content=\"summary_large_image\" \/>\n<meta name=\"twitter:label1\" content=\"Tiempo de lectura\" \/>\n\t<meta name=\"twitter:data1\" content=\"2 minutos\" \/>\n<script type=\"application\/ld+json\" class=\"yoast-schema-graph\">{\"@context\":\"https:\\\/\\\/schema.org\",\"@graph\":[{\"@type\":\"WebPage\",\"@id\":\"https:\\\/\\\/reformesintegralsferreres.com\\\/es\\\/project\\\/banos-de-microcemento\",\"url\":\"https:\\\/\\\/reformesintegralsferreres.com\\\/es\\\/project\\\/banos-de-microcemento\",\"name\":\"Ba\u00f1os de Microcemento - Reformes Integrals Ferreres\",\"isPartOf\":{\"@id\":\"https:\\\/\\\/reformesintegralsferreres.com\\\/#website\"},\"primaryImageOfPage\":{\"@id\":\"https:\\\/\\\/reformesintegralsferreres.com\\\/es\\\/project\\\/banos-de-microcemento#primaryimage\"},\"image\":{\"@id\":\"https:\\\/\\\/reformesintegralsferreres.com\\\/es\\\/project\\\/banos-de-microcemento#primaryimage\"},\"thumbnailUrl\":\"https:\\\/\\\/reformesintegralsferreres.com\\\/wp-content\\\/uploads\\\/2023\\\/11\\\/WhatsApp-Image-2023-11-02-at-09.11.09.jpeg\",\"datePublished\":\"2023-11-02T10:57:23+00:00\",\"dateModified\":\"2023-11-02T10:57:29+00:00\",\"breadcrumb\":{\"@id\":\"https:\\\/\\\/reformesintegralsferreres.com\\\/es\\\/project\\\/banos-de-microcemento#breadcrumb\"},\"inLanguage\":\"es\",\"potentialAction\":[{\"@type\":\"ReadAction\",\"target\":[\"https:\\\/\\\/reformesintegralsferreres.com\\\/es\\\/project\\\/banos-de-microcemento\"]}]},{\"@type\":\"ImageObject\",\"inLanguage\":\"es\",\"@id\":\"https:\\\/\\\/reformesintegralsferreres.com\\\/es\\\/project\\\/banos-de-microcemento#primaryimage\",\"url\":\"https:\\\/\\\/reformesintegralsferreres.com\\\/wp-content\\\/uploads\\\/2023\\\/11\\\/WhatsApp-Image-2023-11-02-at-09.11.09.jpeg\",\"contentUrl\":\"https:\\\/\\\/reformesintegralsferreres.com\\\/wp-content\\\/uploads\\\/2023\\\/11\\\/WhatsApp-Image-2023-11-02-at-09.11.09.jpeg\",\"width\":1536,\"height\":2048},{\"@type\":\"BreadcrumbList\",\"@id\":\"https:\\\/\\\/reformesintegralsferreres.com\\\/es\\\/project\\\/banos-de-microcemento#breadcrumb\",\"itemListElement\":[{\"@type\":\"ListItem\",\"position\":1,\"name\":\"Home\",\"item\":\"https:\\\/\\\/reformesintegralsferreres.com\\\/es\"},{\"@type\":\"ListItem\",\"position\":2,\"name\":\"Proyectos\",\"item\":\"https:\\\/\\\/reformesintegralsferreres.com\\\/es\\\/project\"},{\"@type\":\"ListItem\",\"position\":3,\"name\":\"Ba\u00f1os de Microcemento\"}]},{\"@type\":\"WebSite\",\"@id\":\"https:\\\/\\\/reformesintegralsferreres.com\\\/#website\",\"url\":\"https:\\\/\\\/reformesintegralsferreres.com\\\/\",\"name\":\"Reformes Integrals Ferreres\",\"description\":\"Obres y Reformes per empreses i particulars\",\"potentialAction\":[{\"@type\":\"SearchAction\",\"target\":{\"@type\":\"EntryPoint\",\"urlTemplate\":\"https:\\\/\\\/reformesintegralsferreres.com\\\/?s={search_term_string}\"},\"query-input\":{\"@type\":\"PropertyValueSpecification\",\"valueRequired\":true,\"valueName\":\"search_term_string\"}}],\"inLanguage\":\"es\"}]}<\/script>\n<!-- \/ Yoast SEO plugin. -->","yoast_head_json":{"title":"Ba\u00f1os de Microcemento - Reformes Integrals Ferreres","robots":{"index":"index","follow":"follow","max-snippet":"max-snippet:-1","max-image-preview":"max-image-preview:large","max-video-preview":"max-video-preview:-1"},"canonical":"https:\/\/reformesintegralsferreres.com\/es\/project\/banos-de-microcemento","og_locale":"es_ES","og_type":"article","og_title":"Ba\u00f1os de Microcemento - Reformes Integrals Ferreres","og_description":"Ba\u00f1os de microcementoEste proyecto de ba\u00f1os de microcemento representa una transformaci\u00f3n radical en el concepto tradicional del espacio de ba\u00f1o. La fusi\u00f3n entre un dise\u00f1o vanguardista y una funcionalidad excepcional ha dado lugar a un ambiente que no solo cautiva a la mirada, sino que tambi\u00e9n se adapta de manera extraordinaria a las necesidades cotidianas. [&hellip;]","og_url":"https:\/\/reformesintegralsferreres.com\/es\/project\/banos-de-microcemento","og_site_name":"Reformes Integrals Ferreres","article_modified_time":"2023-11-02T10:57:29+00:00","og_image":[{"width":1536,"height":2048,"url":"https:\/\/reformesintegralsferreres.com\/wp-content\/uploads\/2023\/11\/WhatsApp-Image-2023-11-02-at-09.11.09.jpeg","type":"image\/jpeg"}],"twitter_card":"summary_large_image","twitter_misc":{"Tiempo de lectura":"2 minutos"},"schema":{"@context":"https:\/\/schema.org","@graph":[{"@type":"WebPage","@id":"https:\/\/reformesintegralsferreres.com\/es\/project\/banos-de-microcemento","url":"https:\/\/reformesintegralsferreres.com\/es\/project\/banos-de-microcemento","name":"Ba\u00f1os de Microcemento - Reformes Integrals Ferreres","isPartOf":{"@id":"https:\/\/reformesintegralsferreres.com\/#website"},"primaryImageOfPage":{"@id":"https:\/\/reformesintegralsferreres.com\/es\/project\/banos-de-microcemento#primaryimage"},"image":{"@id":"https:\/\/reformesintegralsferreres.com\/es\/project\/banos-de-microcemento#primaryimage"},"thumbnailUrl":"https:\/\/reformesintegralsferreres.com\/wp-content\/uploads\/2023\/11\/WhatsApp-Image-2023-11-02-at-09.11.09.jpeg","datePublished":"2023-11-02T10:57:23+00:00","dateModified":"2023-11-02T10:57:29+00:00","breadcrumb":{"@id":"https:\/\/reformesintegralsferreres.com\/es\/project\/banos-de-microcemento#breadcrumb"},"inLanguage":"es","potentialAction":[{"@type":"ReadAction","target":["https:\/\/reformesintegralsferreres.com\/es\/project\/banos-de-microcemento"]}]},{"@type":"ImageObject","inLanguage":"es","@id":"https:\/\/reformesintegralsferreres.com\/es\/project\/banos-de-microcemento#primaryimage","url":"https:\/\/reformesintegralsferreres.com\/wp-content\/uploads\/2023\/11\/WhatsApp-Image-2023-11-02-at-09.11.09.jpeg","contentUrl":"https:\/\/reformesintegralsferreres.com\/wp-content\/uploads\/2023\/11\/WhatsApp-Image-2023-11-02-at-09.11.09.jpeg","width":1536,"height":2048},{"@type":"BreadcrumbList","@id":"https:\/\/reformesintegralsferreres.com\/es\/project\/banos-de-microcemento#breadcrumb","itemListElement":[{"@type":"ListItem","position":1,"name":"Home","item":"https:\/\/reformesintegralsferreres.com\/es"},{"@type":"ListItem","position":2,"name":"Proyectos","item":"https:\/\/reformesintegralsferreres.com\/es\/project"},{"@type":"ListItem","position":3,"name":"Ba\u00f1os de Microcemento"}]},{"@type":"WebSite","@id":"https:\/\/reformesintegralsferreres.com\/#website","url":"https:\/\/reformesintegralsferreres.com\/","name":"Reformes Integrals Ferreres","description":"Obres y Reformes per empreses i particulars","potentialAction":[{"@type":"SearchAction","target":{"@type":"EntryPoint","urlTemplate":"https:\/\/reformesintegralsferreres.com\/?s={search_term_string}"},"query-input":{"@type":"PropertyValueSpecification","valueRequired":true,"valueName":"search_term_string"}}],"inLanguage":"es"}]}},"_links":{"self":[{"href":"https:\/\/reformesintegralsferreres.com\/es\/wp-json\/wp\/v2\/project\/1182","targetHints":{"allow":["GET"]}}],"collection":[{"href":"https:\/\/reformesintegralsferreres.com\/es\/wp-json\/wp\/v2\/project"}],"about":[{"href":"https:\/\/reformesintegralsferreres.com\/es\/wp-json\/wp\/v2\/types\/project"}],"author":[{"embeddable":true,"href":"https:\/\/reformesintegralsferreres.com\/es\/wp-json\/wp\/v2\/users\/1"}],"replies":[{"embeddable":true,"href":"https:\/\/reformesintegralsferreres.com\/es\/wp-json\/wp\/v2\/comments?post=1182"}],"version-history":[{"count":3,"href":"https:\/\/reformesintegralsferreres.com\/es\/wp-json\/wp\/v2\/project\/1182\/revisions"}],"predecessor-version":[{"id":1186,"href":"https:\/\/reformesintegralsferreres.com\/es\/wp-json\/wp\/v2\/project\/1182\/revisions\/1186"}],"wp:featuredmedia":[{"embeddable":true,"href":"https:\/\/reformesintegralsferreres.com\/es\/wp-json\/wp\/v2\/media\/1164"}],"wp:attachment":[{"href":"https:\/\/reformesintegralsferreres.com\/es\/wp-json\/wp\/v2\/media?parent=1182"}],"wp:term":[{"taxonomy":"project_category","embeddable":true,"href":"https:\/\/reformesintegralsferreres.com\/es\/wp-json\/wp\/v2\/project_category?post=1182"},{"taxonomy":"project_tag","embeddable":true,"href":"https:\/\/reformesintegralsferreres.com\/es\/wp-json\/wp\/v2\/project_tag?post=1182"}],"curies":[{"name":"wp","href":"https:\/\/api.w.org\/{rel}","templated":true}]}}